{"id":232,"date":"2025-08-20T16:27:18","date_gmt":"2025-08-20T16:27:18","guid":{"rendered":"https:\/\/desarrollo.sysdigital.com.ve\/wp\/?page_id=232"},"modified":"2025-10-10T09:01:04","modified_gmt":"2025-10-10T09:01:04","slug":"nuestro-servicios-formacion-calidad-charla","status":"publish","type":"page","link":"https:\/\/desarrollo.sysdigital.com.ve\/wp\/nuestro-servicios-formacion-calidad-charla\/","title":{"rendered":"Nuestro Servicios &#8211; Formaci\u00f3n &#8211; Calidad &#8211; Charla"},"content":{"rendered":"\n<div class=\"wp-block-cover alignfull is-light\" style=\"min-height:300px;aspect-ratio:unset;\"><img loading=\"lazy\" decoding=\"async\" width=\"1024\" height=\"445\" class=\"wp-block-cover__image-background wp-image-556 size-full\" alt=\"\" src=\"https:\/\/desarrollo.sysdigital.com.ve\/wp\/wp-content\/uploads\/2025\/08\/Encabezado-Gestion-de-calidad-5-1.png\" style=\"object-position:61% 72%\" data-object-fit=\"cover\" data-object-position=\"61% 72%\" srcset=\"https:\/\/desarrollo.sysdigital.com.ve\/wp\/wp-content\/uploads\/2025\/08\/Encabezado-Gestion-de-calidad-5-1.png 1024w, https:\/\/desarrollo.sysdigital.com.ve\/wp\/wp-content\/uploads\/2025\/08\/Encabezado-Gestion-de-calidad-5-1-300x130.png 300w, https:\/\/desarrollo.sysdigital.com.ve\/wp\/wp-content\/uploads\/2025\/08\/Encabezado-Gestion-de-calidad-5-1-768x334.png 768w\" sizes=\"auto, (max-width: 1024px) 100vw, 1024px\" \/><span aria-hidden=\"true\" class=\"wp-block-cover__background has-background-dim-10 has-background-dim\" style=\"background-color:#a6b2b7\"><\/span><div class=\"wp-block-cover__inner-container is-layout-flow wp-block-cover-is-layout-flow\">\n<h1 class=\"wp-block-heading has-text-align-right has-white-color has-text-color\"><mark style=\"background-color:rgba(0, 0, 0, 0)\" class=\"has-inline-color has-nv-site-bg-color\">Gesti\u00f3n de Calidad<\/mark><\/h1>\n\n\n\n<p class=\"has-text-align-right has-white-color has-text-color\" style=\"font-size:35px\"><strong><mark style=\"background-color:rgba(0, 0, 0, 0)\" class=\"has-inline-color has-nv-text-dark-bg-color\">Charla<\/mark><\/strong><\/p>\n<\/div><\/div>\n\n\n\n<p class=\"has-x-large-font-size\"><strong>El Arte de la Claridad: \u00bfPor qu\u00e9 tus procesos son un caos y c\u00f3mo distinguir lo esencial de lo superfluo con Lean?<\/strong><\/p>\n\n\n\n<p class=\"has-medium-font-size\"><strong><mark style=\"background-color:rgba(0, 0, 0, 0)\" class=\"has-inline-color has-neve-link-color-color\">Fecha de la Charla: <\/mark><\/strong>22-09-2025 <strong><mark style=\"background-color:rgba(0, 0, 0, 0)\" class=\"has-inline-color has-neve-link-color-color\">Hora:<\/mark><\/strong> 7 pm (Venezuela)<\/p>\n\n\n\n<h2 class=\"wp-block-heading\"><mark style=\"background-color:rgba(0, 0, 0, 0)\" class=\"has-inline-color has-neve-link-color-color\">Contenido<\/mark><\/h2>\n\n\n\n<div class=\"wp-block-columns is-layout-flex wp-container-core-columns-is-layout-9d6595d7 wp-block-columns-is-layout-flex\">\n<div class=\"wp-block-column is-layout-flow wp-block-column-is-layout-flow\">\n<ul class=\"wp-block-list\">\n<li class=\"has-medium-font-size\"><mark style=\"background-color:rgba(0, 0, 0, 0)\" class=\"has-inline-color has-neve-link-color-color\"><strong>C\u00f3mo identificar desperdicios y maximiza el valor<\/strong><\/mark><\/li>\n\n\n\n<li class=\"has-medium-font-size\"><strong><mark style=\"background-color:rgba(0, 0, 0, 0)\" class=\"has-inline-color has-neve-link-color-color\"><strong>Potencia tu carrera con <\/strong>Lean<\/mark><\/strong><\/li>\n\n\n\n<li class=\"has-medium-font-size\"><strong><mark style=\"background-color:rgba(0, 0, 0, 0)\" class=\"has-inline-color has-neve-link-color-color\"><strong>Tu camino hacia la excelencia:<\/strong> Explora la ruta de carrera<\/mark><\/strong><\/li>\n<\/ul>\n\n\n<div class=\"wp-block-image\">\n<figure class=\"aligncenter size-large is-resized\"><img loading=\"lazy\" decoding=\"async\" width=\"601\" height=\"601\" src=\"https:\/\/desarrollo.sysdigital.com.ve\/wp\/wp-content\/uploads\/2025\/08\/50fe8ff-8877-02a3-d55-85c3b6a052e2_Certiprof_lean_six_sigma_White_belt_badge_600x600.webp\" alt=\"Formaci\u00f3n en calidad, Carrera en calidad, Certificaciones profesionales, Lean, Six Sigma, Lean Six Sigma, Certificaciones de Lean Six Sigma, Lean Six Sigma White Belt (LSSWBPC\u2122), Certiprof, Kair\u00f3s Soluciones Gerenciales\" class=\"wp-image-224\" style=\"width:261px;height:auto\" srcset=\"https:\/\/desarrollo.sysdigital.com.ve\/wp\/wp-content\/uploads\/2025\/08\/50fe8ff-8877-02a3-d55-85c3b6a052e2_Certiprof_lean_six_sigma_White_belt_badge_600x600.webp 601w, https:\/\/desarrollo.sysdigital.com.ve\/wp\/wp-content\/uploads\/2025\/08\/50fe8ff-8877-02a3-d55-85c3b6a052e2_Certiprof_lean_six_sigma_White_belt_badge_600x600-300x300.webp 300w, https:\/\/desarrollo.sysdigital.com.ve\/wp\/wp-content\/uploads\/2025\/08\/50fe8ff-8877-02a3-d55-85c3b6a052e2_Certiprof_lean_six_sigma_White_belt_badge_600x600-150x150.webp 150w\" sizes=\"auto, (max-width: 601px) 100vw, 601px\" \/><\/figure>\n<\/div><\/div>\n\n\n\n<div class=\"wp-block-column is-layout-flow wp-block-column-is-layout-flow\">\n<ul class=\"wp-block-list\">\n<li class=\"has-medium-font-size\"><strong>\u00bfSientes que tus procesos son un caos, consumiendo tu tiempo y energ\u00eda sin un avance real? <\/strong>Es una \u00ab<strong><mark style=\"background-color:rgba(0, 0, 0, 0)\" class=\"has-inline-color has-nv-c-2-color\">se\u00f1al de alerta<\/mark><\/strong>\u00bb silenciosa que te indica que tus procesos internos, tareas y decisiones est\u00e1n enredadas. Te presentamos \u00ab<mark style=\"background-color:rgba(0, 0, 0, 0)\" class=\"has-inline-color has-neve-link-color-color\"><strong>El Arte de la Claridad<\/strong><\/mark>\u00ab, una charla dise\u00f1ada para darte un \u00absuperpoder\u00bb: la habilidad de entender y silenciar ese caos. Deja de perder tiempo y comienza a ver el verdadero flujo de valor en tu trabajo.<\/li>\n\n\n\n<li class=\"has-medium-font-size\">Esta charla te proporcionar\u00e1 un lente pr\u00e1ctico, el <strong><mark style=\"background-color:rgba(0, 0, 0, 0)\" class=\"has-inline-color has-neve-link-color-color\">Pensamiento Lean<\/mark><\/strong>, para que puedas identificar y eliminar el \u00ab<mark style=\"background-color:rgba(0, 0, 0, 0)\" class=\"has-inline-color has-nv-c-2-color\"><strong>ruido<\/strong><\/mark>\u00bb que frena tu negocio. Te ense\u00f1aremos a distinguir lo esencial de lo superfluo para que tus procesos sean m\u00e1s eficientes, productivos y rentables, transformando la frustraci\u00f3n en acci\u00f3n.<\/li>\n\n\n\n<li class=\"has-medium-font-size\">En esta charla, exploraremos c\u00f3mo el caos se manifiesta en el d\u00eda a d\u00eda (reprocesos, informaci\u00f3n confusa, decisiones lentas) y c\u00f3mo el Pensamiento Lean te permite ver lo invisible. Aprender\u00e1s a hacer las preguntas correctas y a usar esta mentalidad para encontrar oportunidades de mejora asombrosas. Te mostraremos el camino para dominar esta habilidad a trav\u00e9s de <strong><mark style=\"background-color:rgba(0, 0, 0, 0)\" class=\"has-inline-color has-neve-link-color-color\">Lean Six Sigma<\/mark><\/strong>, con certificaci\u00f3n internacional de CertiProf\u00ae.<\/li>\n<\/ul>\n<\/div>\n<\/div>\n\n\n\n<h2 class=\"wp-block-heading\"><mark style=\"background-color:rgba(0, 0, 0, 0)\" class=\"has-inline-color has-neve-link-color-color\">Modalidad<\/mark><\/h2>\n\n\n\n<div class=\"wp-block-columns is-layout-flex wp-container-core-columns-is-layout-9d6595d7 wp-block-columns-is-layout-flex\">\n<div class=\"wp-block-column is-layout-flow wp-block-column-is-layout-flow\">\n<ul class=\"wp-block-list\">\n<li class=\"has-medium-font-size\">Insignia de asistencia de CertiProf\u00ae<\/li>\n\n\n\n<li class=\"has-medium-font-size\">1 hora<\/li>\n\n\n\n<li class=\"has-medium-font-size\">100% Virtual por Zoom<\/li>\n\n\n\n<li class=\"has-medium-font-size\">Campus virtual con acceso por 3 meses para los inscritos: <strong><a href=\"https:\/\/forms.gle\/6k2fpMXGfWcbgDQk6\" data-type=\"link\" data-id=\"https:\/\/forms.gle\/6k2fpMXGfWcbgDQk6\">LINK<\/a><\/strong><\/li>\n\n\n\n<li class=\"has-medium-font-size\">Horario flexible <\/li>\n\n\n\n<li class=\"has-medium-font-size\"><strong><mark style=\"background-color:rgba(0, 0, 0, 0)\" class=\"has-inline-color has-neve-link-color-color\">Prerrequisitos:<\/mark><\/strong> No se requieren conocimientos previos. <\/li>\n\n\n\n<li class=\"has-medium-font-size\"><strong><mark style=\"background-color:rgba(0, 0, 0, 0)\" class=\"has-inline-color has-neve-link-color-color\">Dirigido a: <\/mark><\/strong>Gerentes, jefes de departamento, ingenieros, y cualquier profesional que aspire a mejorar la eficiencia y la calidad en su entorno de trabajo. <\/li>\n<\/ul>\n<\/div>\n\n\n\n<div class=\"wp-block-column is-layout-flow wp-block-column-is-layout-flow\">\n<figure class=\"wp-block-gallery has-nested-images columns-default is-cropped wp-block-gallery-1 is-layout-flex wp-block-gallery-is-layout-flex\">\n<figure class=\"wp-block-image size-large is-resized is-style-default\"><img loading=\"lazy\" decoding=\"async\" width=\"819\" height=\"1024\" data-id=\"579\" src=\"https:\/\/desarrollo.sysdigital.com.ve\/wp\/wp-content\/uploads\/2025\/09\/29-819x1024.png\" alt=\"\" class=\"wp-image-579\" style=\"width:459px;height:auto\" srcset=\"https:\/\/desarrollo.sysdigital.com.ve\/wp\/wp-content\/uploads\/2025\/09\/29-819x1024.png 819w, https:\/\/desarrollo.sysdigital.com.ve\/wp\/wp-content\/uploads\/2025\/09\/29-240x300.png 240w, https:\/\/desarrollo.sysdigital.com.ve\/wp\/wp-content\/uploads\/2025\/09\/29-768x960.png 768w, https:\/\/desarrollo.sysdigital.com.ve\/wp\/wp-content\/uploads\/2025\/09\/29.png 1200w\" sizes=\"auto, (max-width: 819px) 100vw, 819px\" \/><\/figure>\n<\/figure>\n<\/div>\n<\/div>\n\n\n\n<p><span style=\"color: rgb(255, 255, 255);\">Esta charla es para ti.  Incr\u00edbete sin costo<\/span><\/p>\n\n\n\n<p><\/p>\n","protected":false},"excerpt":{"rendered":"<p>El Arte de la Claridad: \u00bfPor qu\u00e9 tus procesos son un caos y c\u00f3mo distinguir lo esencial de lo superfluo con Lean? Fecha de la Charla: 22-09-2025 Hora: 7 pm (Venezuela) Contenido Modalidad<\/p>\n","protected":false},"author":5,"featured_media":0,"parent":0,"menu_order":0,"comment_status":"closed","ping_status":"closed","template":"","meta":{"pagelayer_contact_templates":[],"_pagelayer_content":"","neve_meta_sidebar":"","neve_meta_container":"","neve_meta_enable_content_width":"","neve_meta_content_width":0,"neve_meta_title_alignment":"","neve_meta_author_avatar":"","neve_post_elements_order":"","neve_meta_disable_header":"","neve_meta_disable_footer":"","neve_meta_disable_title":"on","footnotes":""},"class_list":["post-232","page","type-page","status-publish","hentry"],"_links":{"self":[{"href":"https:\/\/desarrollo.sysdigital.com.ve\/wp\/wp-json\/wp\/v2\/pages\/232","targetHints":{"allow":["GET"]}}],"collection":[{"href":"https:\/\/desarrollo.sysdigital.com.ve\/wp\/wp-json\/wp\/v2\/pages"}],"about":[{"href":"https:\/\/desarrollo.sysdigital.com.ve\/wp\/wp-json\/wp\/v2\/types\/page"}],"author":[{"embeddable":true,"href":"https:\/\/desarrollo.sysdigital.com.ve\/wp\/wp-json\/wp\/v2\/users\/5"}],"replies":[{"embeddable":true,"href":"https:\/\/desarrollo.sysdigital.com.ve\/wp\/wp-json\/wp\/v2\/comments?post=232"}],"version-history":[{"count":31,"href":"https:\/\/desarrollo.sysdigital.com.ve\/wp\/wp-json\/wp\/v2\/pages\/232\/revisions"}],"predecessor-version":[{"id":764,"href":"https:\/\/desarrollo.sysdigital.com.ve\/wp\/wp-json\/wp\/v2\/pages\/232\/revisions\/764"}],"wp:attachment":[{"href":"https:\/\/desarrollo.sysdigital.com.ve\/wp\/wp-json\/wp\/v2\/media?parent=232"}],"curies":[{"name":"wp","href":"https:\/\/api.w.org\/{rel}","templated":true}]}}